{"id":47,"date":"2016-08-16T15:29:01","date_gmt":"2016-08-16T13:29:01","guid":{"rendered":"http:\/\/alexlecuiller.com\/?page_id=47"},"modified":"2025-06-12T19:50:59","modified_gmt":"2025-06-12T17:50:59","slug":"bio","status":"publish","type":"page","link":"https:\/\/alexlecuiller.com\/index.php\/bio\/","title":{"rendered":"Bio"},"content":{"rendered":"<h1 style=\"text-align: center;\"><span style=\"color: #ff0000;\"><b>&nbsp;Alexandra L\u00e9cuiller&nbsp;<\/b><\/span><\/h1>\n<p style=\"text-align: center;\">&nbsp;<\/p>\n<h3 lang=\"fr-FR\" align=\"LEFT\"><span style=\"color: #ff0000;\"><span style=\"font-family: Garamond, serif;\"><span style=\"font-size: small;\"><b>French, born in Bordeaux, FR in 1985. Lives and works between Paris and Brussels.<\/b><\/span><\/span><\/span><\/h3>\n<h3 lang=\"fr-FR\" align=\"LEFT\"><span style=\"color: #000000;\"><span style=\"font-family: Garamond, serif;\"><span style=\"font-size: small;\"><span style=\"color: #d80000;\"><b><span style=\"color: #ff0000;\">2025<br \/>\n<\/span><\/b><\/span><\/span><\/span><\/span><span style=\"color: #000000;\"><span style=\"font-family: Garamond, serif;\"><span style=\"font-size: small;\">\/Participates to the<span style=\"color: #ff0000;\"><strong> International Federation for Theatre Research<\/strong><span style=\"color: #000000;\"> annual conference<\/span> <strong>in K\u00f6ln, DE<\/strong><\/span> with her paper <em>Carnival, a dupe game with morality<\/em>.<br \/>\n<\/span><\/span><\/span><span style=\"color: #000000;\"><span style=\"font-family: Garamond, serif;\"><span style=\"font-size: small;\">\/ Participates to the conference program and group show<em> Hors Cadres<\/em> at the <strong><span style=\"color: #ff0000;\">Academie Royale des Beaux-Arts de Li\u00e8ge, BE<\/span><\/strong> for the PhD research day of the ED20, Art and Sciences of the Arts<br \/>\n\/Takes part to the mobility program <em>Artistic Research within European Diversities<\/em>,<strong> <span style=\"color: #ff0000;\">at UMPRUM, Academy of Arts, Architecture and Design in Prague, CZ<\/span> <\/strong>in collaboration with ENSAV- La Cambre<br \/>\n<\/span><\/span><\/span><span style=\"color: #000000;\"><span style=\"font-family: Garamond, serif;\"><span style=\"font-size: small;\">\/ Shows her performance <em>Brussels Voice Phenomena<\/em>, during the <strong><span style=\"color: #ff0000;\">Festival <em>Trouble<\/em><\/span><\/strong>&nbsp; curated by Antoine Pickels <span style=\"color: #ff0000;\">at <strong>La Raffinerie, <\/strong><\/span><\/span><\/span><\/span><span style=\"color: #ff0000;\"><strong><span style=\"font-family: Garamond, serif;\"><span style=\"font-size: small;\"><strong>Brussels, BE<\/strong><br \/>\n<\/span><\/span><\/strong><\/span><span style=\"color: #000000;\"><span style=\"font-family: Garamond, serif;\"><span style=\"font-size: small;\">\/ In the framework of her PhD, is offered a research residency at <strong><span style=\"color: #ff0000;\">Maison Po\u00e8me, <\/span><\/strong><\/span><\/span><\/span><strong><span style=\"color: #ff0000;\"><span style=\"font-family: Garamond, serif;\"><span style=\"font-size: small;\">Brussels, BE<\/span><\/span><\/span><\/strong><\/h3>\n<h3 lang=\"fr-FR\" align=\"LEFT\"><span style=\"color: #000000;\"><span style=\"font-family: Garamond, serif;\"><span style=\"font-size: small;\"><span style=\"color: #d80000;\"><b><span style=\"color: #ff0000;\">2024<br \/>\n<\/span><\/b><\/span><\/span><\/span><\/span><span style=\"color: #000000;\"><span style=\"font-family: Garamond, serif;\"><span style=\"font-size: small;\">\/ Publication of the article <em><span class=\"lookup-word\" data-slate-leaf=\"true\">The<\/span> <span class=\"lookup-word\" data-slate-leaf=\"true\">intelligent<\/span> <span class=\"lookup-word\" data-slate-leaf=\"true\">voice<\/span>. <span class=\"lookup-word\" data-slate-leaf=\"true\">The<\/span> <span class=\"lookup-word\" data-slate-leaf=\"true\">ability<\/span> <span class=\"lookup-word\" data-slate-leaf=\"true\">to<\/span> <span class=\"lookup-word\" data-slate-leaf=\"true\">redefine<\/span> <span class=\"lookup-word\" data-slate-leaf=\"true\">space<\/span>&#8211;<span class=\"lookup-word\" data-slate-leaf=\"true\">time<\/span> <span class=\"lookup-word\" data-slate-leaf=\"true\">boundaries<\/span><\/em>&nbsp;in the review <strong><em><span style=\"color: #ff0000;\">F<\/span><\/em><span style=\"color: #ff0000;\"><em>acettes<\/em>, edited by 50\u00b0 nord-3\u00b0est\/p\u00f4le arts visuels Hauts-de-France &amp; territoires transfrontaliers, FR-BE<\/span><\/strong><\/span><\/span><\/span><span style=\"color: #000000;\"><span style=\"font-family: Garamond, serif;\"><span style=\"font-size: small;\"><br \/>\n<\/span><\/span><\/span><b><\/b><span style=\"color: #000000;\"><span style=\"font-family: Garamond, serif;\"><span style=\"font-size: small;\">\/ Is offered a research residency at <strong><span style=\"color: #ff0000;\">KANAL, Centre Pompidou, <\/span><\/strong><\/span><\/span><\/span><strong><span style=\"color: #ff0000;\"><span style=\"font-family: Garamond, serif;\"><span style=\"font-size: small;\">Brussels, BE<\/span><\/span><\/span><\/strong><span style=\"color: #000000;\"><span style=\"font-family: Garamond, serif;\"><span style=\"font-size: small;\"><br \/>\n\/ Elected as boarrd Member of the <strong><span style=\"color: #ff0000;\">Ecole Sp\u00e9ciale d&#8217;Architecture<\/span><\/strong><span style=\"color: #ff0000;\">, Paris, FR<\/span><\/span><\/span><\/span><\/h3>\n<h3 lang=\"fr-FR\" align=\"LEFT\"><span style=\"color: #000000;\"><span style=\"font-family: Garamond, serif;\"><span style=\"font-size: small;\"><span style=\"color: #d80000;\"><b><span style=\"color: #ff0000;\">2023<br \/>\n<\/span><\/b><\/span><\/span><\/span><\/span><span style=\"color: #000000;\"><span style=\"font-family: Garamond, serif;\"><span style=\"font-size: small;\">\/ Starts her PHD Research &#8221; How to make a work of art out of oral archive ? Recorded voices and performed interpretations &#8221; at the <strong><span style=\"color: #ff0000;\">National High School of Visual Arts &#8211; La Cambre, <\/span><\/strong><\/span><\/span><\/span><strong><span style=\"color: #ff0000;\"><span style=\"font-family: Garamond, serif;\"><span style=\"font-size: small;\">Brussels <\/span><\/span><\/span><\/strong><span style=\"color: #000000;\"><span style=\"font-family: Garamond, serif;\"><span style=\"font-size: small;\">and the <strong><span style=\"color: #ff0000;\">Universit\u00e9 Libre de Bruxelles<\/span><\/strong><span style=\"color: #ff0000;\">, BE.<\/span><\/span><\/span><\/span><\/h3>\n<h3 lang=\"fr-FR\" align=\"LEFT\"><span style=\"color: #000000;\"><span style=\"font-family: Garamond, serif;\"><span style=\"font-size: small;\"><span style=\"color: #d80000;\"><b><span style=\"color: #ff0000;\">2022<\/span><br \/>\n<\/b><\/span> \/ Group show <i>Occupy #3 Networks<\/i> at the<span style=\"color: #ff0000;\"><b> Consulate of France in New-York City, USA<\/b><\/span><span style=\"color: #d80000;\">, <\/span>curated by <strong><span style=\"color: #ff0000;\">Francois-Thibaut Pencenat<\/span><\/strong>.<br \/>\n<\/span><\/span><\/span><span style=\"font-size: small; font-family: Garamond, serif; color: #000000;\">\/ Group show <\/span><i style=\"font-size: small; font-family: Garamond, serif; color: #000000;\">Petites coupures<\/i><span style=\"font-size: small; font-family: Garamond, serif; color: #000000;\"> at <strong><span style=\"color: #ff0000;\">La Maison de l&#8217;Ours, Paris, FR<\/span><\/strong><\/span><span style=\"font-size: small; font-family: Garamond, serif; color: #000000;\">&nbsp;on the invitation of <strong><span style=\"color: #ff0000;\">Kristina Solomoukha and Paolo Codelupp<\/span><\/strong><span style=\"color: #ff0000;\">i.<\/span><\/span><\/h3>\n<h3 lang=\"fr-FR\" align=\"LEFT\"><span style=\"color: #000000;\"><span style=\"font-family: Garamond, serif;\"><span style=\"font-size: small;\"><span style=\"color: #d80000;\"><b><span style=\"color: #ff0000;\">2021<\/span><br \/>\n<\/b><\/span> \/ Starts teaching Visual Arts at<b> <\/b><span style=\"color: #ff0000;\"><b>\u00c9cole Sp\u00e9ciale d\u2019Architecture, Paris, FR<\/b>.<\/span><\/span><\/span><\/span><\/h3>\n<h3 lang=\"fr-FR\" align=\"LEFT\"><span style=\"color: #000000;\"><span style=\"font-family: Garamond, serif;\"><span style=\"font-size: small;\"><span style=\"color: #d80000;\"><b><span style=\"color: #ff0000;\">2020<\/span><br \/>\n<\/b><\/span> \/ Laureate of the \u00ab exceptional grant \u00bb from the <span style=\"color: #d80000;\"><b><span style=\"color: #ff0000;\">Centre National d\u2019Art Plastique, FR<\/span><br \/>\n<\/b><\/span><\/span><\/span><\/span><span style=\"font-size: small; font-family: Garamond, serif; color: #000000;\">\/ Setlles her studio in Paris suburb,<\/span><span style=\"color: #ff0000;\"><b style=\"font-size: small; font-family: Garamond, serif;\"> Aubervilliers, FR.<\/b><\/span><\/h3>\n<h3 lang=\"fr-FR\" align=\"LEFT\"><span style=\"color: #000000;\"><span style=\"font-family: Garamond, serif;\"><span style=\"font-size: small;\"><span style=\"color: #ff0000;\"><b>2019<\/b><\/span><b><br \/>\n<\/b><\/span><\/span><\/span><span style=\"color: #000000;\"><span style=\"font-family: Garamond, serif;\"><span style=\"font-size: small;\">\/ Solo Show at the<b> <\/b><span style=\"color: #ff0000;\"><b>Franz\u00f6sisches Kulturinstitut Wien, AU<\/b><\/span><b> <\/b>of the series of photographs <i>Dates and other debts<\/i>, (december 2019- january 2020.)<br \/>\n<\/span><\/span><\/span><span style=\"font-size: small; font-family: Garamond, serif; color: #000000;\">\/ Laureate of the international exchange between <strong><span style=\"color: #ff0000;\">the city of Paris, FR and the city of Vienna, AU<\/span><\/strong><\/span><strong><span style=\"color: #ff0000;\">&nbsp;<\/span><\/strong><span style=\"font-size: small; font-family: Garamond, serif; color: #000000;\">for a two months residency at the <strong><span style=\"color: #ff0000;\">Alteschmiede Kunstverein, Vienna, AU<\/span><\/strong><\/span><strong><span style=\"font-size: small; font-family: Garamond, serif; color: #ff0000;\"><span style=\"color: #e50000;\">.<\/span><\/span><\/strong><span style=\"font-size: small; font-family: Garamond, serif; color: #000000;\"><br \/>\n<\/span><span style=\"font-size: small; font-family: Garamond, serif; color: #000000;\">\/ Shows her performance <\/span><i style=\"font-size: small; font-family: Garamond, serif; color: #000000;\">Mythologies de la Dette<\/i><span style=\"font-size: small; font-family: Garamond, serif; color: #000000;\"> featuring Christophe Brault and Chlo\u00e9 R\u00e9jon at <strong><span style=\"color: #ff0000;\">the Silencio club, Paris, FR<\/span><\/strong>, <\/span><span style=\"font-size: small; font-family: Garamond, serif; color: #000000;\">on februray 20th.<\/span><\/h3>\n<h3 lang=\"fr-FR\" align=\"LEFT\"><span style=\"color: #000000;\"><span style=\"font-family: Garamond, serif;\"><span style=\"font-size: small;\"><span style=\"color: #ff0000;\"><b>2018<\/b><\/span><b><br \/>\n<\/b>\/ Is invited by Nina Childress to lead a workshop<i> Creative Commons<\/i> at the <span style=\"color: #ff0000;\"><b>National Design &amp; Fine Art School of Nancy, FR<\/b>.<\/span><br \/>\n<\/span><\/span><\/span><span style=\"font-size: small; font-family: Garamond, serif; color: #000000;\">\/ Shows her performance <\/span><i style=\"font-size: small; font-family: Garamond, serif; color: #000000;\">Mythologies de la Dette<\/i><span style=\"font-size: small; font-family: Garamond, serif; color: #000000;\"> featuring Christophe Brault and Chlo\u00e9 R\u00e9jon at<strong><span style=\"color: #ff0000;\"> the National Theater of Brittany in Rennes, FR<\/span><\/strong><\/span><span style=\"font-size: small; font-family: Garamond, serif; color: #000000;\">&nbsp;at Patrick Boucheron\u2019s invitation on november 7th.<br \/>\n<\/span><span style=\"font-size: small; font-family: Garamond, serif; color: #000000;\">\/ Shows her video <\/span><i style=\"font-size: small; font-family: Garamond, serif; color: #000000;\">Deaf &amp; Dumb<\/i><span style=\"font-size: small; font-family: Garamond, serif; color: #000000;\"> for the show PUBLIC POOL #5 at the <strong><span style=\"color: #ff0000;\">Cit\u00e9 internationale des arts in Paris, FR, <\/span><\/strong><\/span><span style=\"font-size: small; font-family: Garamond, serif; color: #000000;\">curated by <strong><span style=\"color: #ff0000;\">Jean-Christophe Arcos, Madeleine Filippi, and Marie Gayet for<\/span> <span style=\"color: #ff0000;\">CEA, Associated Exhibition Curators<\/span><\/strong><\/span><\/h3>\n<h3 lang=\"fr-FR\" align=\"LEFT\"><span style=\"color: #000000;\"><span style=\"font-family: Garamond, serif;\"><span style=\"font-size: small;\"><span style=\"color: #ff0000;\"><b>2017<\/b><\/span><b><br \/>\n<\/b>\/ Spread on the web artist <span style=\"color: #ff0000;\"><b>Radio *DUUU<\/b><\/span>, <i>Deaf &amp; Dumb<\/i> and <i>Why dogs can\u2019t speak<\/i> at Marianne Derrien\u2019s invitation.<br \/>\n<\/span><\/span><\/span><span style=\"font-size: small; font-family: Garamond, serif; color: #000000;\">\/ Participates with a visual contribution to Histoires de la minute de silence with Patrick Boucheron, Christophe Brault and M\u00e9lanie Traversier\u200b \u200bat the <strong><span style=\"color: #ff0000;\">Th\u00e9\u00e2tre de la Colline, Paris, FR.<\/span><\/strong>&nbsp;<\/span><\/h3>\n<h3 lang=\"fr-FR\" align=\"LEFT\"><span style=\"color: #000000;\"><span style=\"font-family: Garamond, serif;\"><span style=\"font-size: small;\"><span style=\"color: #ff0000;\"><b>2016<\/b><\/span><b><br \/>\n<\/b> \/ She participates to the first<span style=\"color: #ff0000;\"> <b>International Festival of Bagnolet, FR<\/b><\/span> with her video <i>Why dogs can\u2019t speak<\/i>, at Kristina Solomoukha\u2019s invitation.<\/span><\/span><\/span><\/h3>\n<h3 lang=\"fr-FR\" align=\"LEFT\"><span style=\"color: #000000;\"><span style=\"font-family: Garamond, serif;\"><span style=\"font-size: small;\"><span style=\"color: #e50000;\"><b><span style=\"color: #ff0000;\">2015<\/span><br \/>\n<\/b><\/span> \/ She is the first french person offered to join the Gallerist program at the <span style=\"color: #ff0000;\"><b>De Appels <\/b><b>Art Center, Amsterdam, NL<\/b><\/span>.<br \/>\n<\/span><\/span><\/span><span style=\"font-size: small; font-family: Garamond, serif; color: #000000;\">\/ Self-publishes online her audio project on oral transmission <em>Trust Issues<\/em> with the participation of Yair Barelli, Nina Childress, Charlie Jeffery, Laure Prouvost, Lili Reynaud-Dewar, Jean-Charles Massera, Kristina Solomoukha and Paolo Codeluppi.<\/span><\/h3>\n<h3 lang=\"fr-FR\" align=\"LEFT\"><span style=\"color: #000000;\"><span style=\"font-family: Garamond, serif;\"><span style=\"font-size: small;\"><span style=\"color: #ff0000;\"><b>2012<\/b><\/span><b><br \/>\n<\/b>\/ Recieves a grant from the <span style=\"color: #ff0000;\"><b>Italian Cultural Institut of Marseille, FR<\/b> <\/span>to study Italian language at<span style=\"color: #ff0000;\"> <b>Istituto Dante Alighieri, Roma, IT. <\/b><\/span><\/span><\/span><\/span><\/h3>\n<h3 lang=\"fr-FR\" align=\"LEFT\"><span style=\"color: #000000;\"><span style=\"font-family: Minion Pro;\"><span style=\"font-size: small;\"><span style=\"color: #ff0000;\"><strong><span style=\"font-family: Garamond, serif;\">2010<br \/>\n<\/span><\/strong><span style=\"font-family: Garamond, serif;\"><span style=\"color: #000000;\">\/Graduates her MFA at the<\/span><\/span><strong><span style=\"font-family: Garamond, serif;\"><span style=\"color: #000000;\"><span style=\"color: #ff0000;\">Fine Art School of Rennes, FR.<\/span><br \/>\n<\/span><\/span><\/strong><span style=\"font-family: Garamond, serif;\"><span style=\"color: #000000;\">\/Group show Silent Disco, curated by<\/span><\/span><strong><span style=\"font-family: Garamond, serif;\"><span style=\"color: #000000;\"><span style=\"color: #ff0000;\"> Patricia Flemming at Rockin&#8217;Bonnes in Rennes, FR. <\/span><\/span><\/span><\/strong><\/span><\/span><\/span><\/span><span style=\"font-family: Garamond, serif;\"><strong><span style=\"color: #ff0000;\">&nbsp;<\/span><\/strong><\/span><\/h3>\n<h3 lang=\"fr-FR\" align=\"LEFT\"><span style=\"color: #000000;\"><span style=\"font-family: Minion Pro;\"><span style=\"font-size: small;\"><span style=\"color: #e50000;\"><span style=\"font-family: Garamond, serif;\"><span lang=\"fr-FR\"><b><span style=\"color: #ff0000;\">2008<\/span><br \/>\n<\/b><\/span><\/span><\/span><span style=\"font-family: Garamond, serif;\"><span lang=\"fr-FR\">\/ <\/span><\/span><span style=\"font-family: Garamond, serif;\"><span lang=\"fr-FR\">Takes part to the exhibition S&amp;wich with <\/span><\/span><span style=\"font-family: Garamond, serif;\"><span lang=\"fr-FR\">Ian Baxter&amp; <\/span><\/span><span style=\"font-family: Garamond, serif;\"><span lang=\"fr-FR\">for the first edition of the <\/span><\/span><strong><span style=\"color: #ff0000;\"><span style=\"font-family: Garamond, serif;\"><span lang=\"fr-FR\">Ateliers de Rennes, Biennale of Contemporary Art in Rennes, FR.<\/span><\/span><\/span><\/strong><\/span><\/span><\/span><\/h3>\n<h3 style=\"text-align: center;\"><span style=\"color: #ff0000;\">:::::::::::::<\/span><\/h3>\n<h3 align=\"LEFT\"><strong><span style=\"color: #ff3333;\"><span style=\"font-family: Garamond, serif;\"><span style=\"font-size: small;\"><b>Fran\u00e7aise, n\u00e9e en 1985 \u00e0 Bordeaux, FR. Vit et travaille entre Paris et Bruxelles.<\/b><\/span><\/span><\/span><\/strong><\/h3>\n<h3 lang=\"fr-FR\" align=\"LEFT\"><span style=\"color: #000000;\"><span style=\"font-family: Garamond, serif;\"><span style=\"font-size: small;\"><span style=\"color: #d80000;\"><b><span style=\"color: #ff0000;\">2025<br \/>\n<\/span><\/b><\/span><\/span><\/span><\/span><\/h3>\n<h3 lang=\"fr-FR\" align=\"LEFT\"><span style=\"color: #000000;\"><span style=\"font-family: Garamond, serif;\"><span style=\"font-size: small;\">\/Participe \u00e0 la conf\u00e9rence annuelle de l&#8217;<span style=\"color: #ff0000;\"><strong>International Federation for Theatre Research<\/strong><span style=\"color: #000000;\"> \u00e0<\/span> <strong>Cologne, Allemagne<\/strong><\/span> avec son article <em>Carnival, a dupe game with morality<\/em>.<br \/>\n<\/span><\/span><\/span><span style=\"color: #000000;\"><span style=\"font-family: Garamond, serif;\"><span style=\"font-size: small;\">\/ Participe \u00e0 la journ\u00e9e de conf\u00e9rence<em>&nbsp;Hors Cadres<\/em> \u00e0 l&#8217;<strong><span style=\"color: #ff0000;\">Academie Royale des Beaux-Arts de Li\u00e8ge, Belgium<\/span><\/strong> pour la journ\u00e9e des doctorants ED20, Art et Sciences de l&#8217;art<br \/>\n<\/span><\/span><\/span><span style=\"color: #000000;\"><span style=\"font-family: Garamond, serif;\"><span style=\"font-size: small;\">\/Participe au programme de mobilit\u00e9 <em>Artistic Research within European Diversities<\/em>, <strong><span style=\"color: #ff0000;\">at UMPRUM, Academy of Arts, Architecture and Design in Prague, CZ<\/span><\/strong> en collaboration avec l&#8217;ENSAV- La Cambre<br \/>\n<\/span><\/span><\/span><span style=\"color: #000000;\"><span style=\"font-family: Garamond, serif;\"><span style=\"font-size: small;\"><span style=\"color: #000000;\">\/ Pr\u00e9sente sa performance <em>Brussels Voice Phenomena<\/em> au <strong><span style=\"color: #ff0000;\">Festival Trouble<\/span><\/strong>, Bruxelles sur une invitation d&#8217;Antoine Pickels \u00e0<strong><span style=\"color: #ff0000;\"> La Raffinerie, Bruxelles, BE<\/span><\/strong><br \/>\n<\/span><\/span><\/span><\/span><span style=\"color: #000000;\"><span style=\"font-family: Garamond, serif;\"><span style=\"font-size: small;\"><span style=\"color: #000000;\">\/ Dans le cadre de son doctorat, b\u00e9n\u00e9ficie d&#8217;une r\u00e9sidence de recherche \u00e0 <\/span><strong><span style=\"color: #ff0000;\">Maison Po\u00e8me, Bruxelles, BE<\/span><\/strong><\/span><\/span><\/span><\/h3>\n<h3 lang=\"fr-FR\" align=\"LEFT\"><span style=\"color: #000000;\"><span style=\"font-family: Garamond, serif;\"><span style=\"font-size: small;\"><span style=\"color: #d80000;\"><b><span style=\"color: #ff0000;\">2024<br \/>\n<\/span><\/b><\/span><\/span><\/span><\/span><span style=\"color: #000000;\"><span style=\"font-family: Garamond, serif;\"><span style=\"font-size: small;\">\/ Publie l&#8217;article <em>La voix intelligente. une capacit\u00e9 \u00e0 red\u00e9finir les fronti\u00e8res spatio-temporelles.<\/em> dans la revue&nbsp;<strong><em><span style=\"color: #ff0000;\">F<\/span><\/em><span style=\"color: #ff0000;\"><em>acettes<\/em>, \u00e9dit\u00e9 par 50\u00b0 nord-3\u00b0est\/p\u00f4le arts visuels Hauts-de-France &amp; territoires transfrontaliers<\/span><\/strong><\/span><\/span><\/span><span style=\"color: #000000;\"><span style=\"font-family: Garamond, serif;\"><span style=\"font-size: small;\"><strong>.<\/strong><br \/>\n<\/span><\/span><\/span><b><\/b><span style=\"color: #000000;\"><span style=\"font-family: Garamond, serif;\"><span style=\"font-size: small;\">\/ Dans le cadre de son doctorat, b\u00e9n\u00e9ficie d&#8217;une r\u00e9sidence de recherche \u00e0 <strong><span style=\"color: #ff0000;\">KANAL, Centre Pompidou, <\/span><\/strong><\/span><\/span><\/span><strong><span style=\"color: #ff0000;\"><span style=\"font-family: Garamond, serif;\"><span style=\"font-size: small;\">Brussels<\/span><\/span><\/span><\/strong><span style=\"color: #000000;\"><span style=\"font-family: Garamond, serif;\"><span style=\"font-size: small;\">.<br \/>\n\/Est \u00e9lue membre du Conseil d&#8217;Admnistration de l&#8217;<strong><span style=\"color: #ff0000;\">Ecole Sp\u00e9ciale d&#8217;Architecture<\/span><\/strong><span style=\"color: #ff0000;\">, Paris<\/span>.<\/span><\/span><\/span><\/h3>\n<h3 lang=\"fr-FR\" align=\"LEFT\"><span style=\"color: #000000;\"><span style=\"font-family: Garamond, serif;\"><span style=\"font-size: small;\"><span style=\"color: #d80000;\"><b><span style=\"color: #ff0000;\">2023<br \/>\n<\/span><\/b><\/span><\/span><\/span><\/span><span style=\"color: #000000;\"><span style=\"font-family: Garamond, serif;\"><span style=\"font-size: small;\">\/ Commence sa th\u00e8se de doctorat &#8221; Comment faire oeuvre de l&#8217;archive orale ? voix enregistr\u00e9e et interpr\u00e9tations perform\u00e9es &#8221; \u00e0 <strong><span style=\"color: #ff0000;\">l&#8217;Ecole Nationale Sup\u00e9rieure des Arts Visuels &#8211; La Cambre, <\/span><\/strong><\/span><\/span><\/span><span style=\"color: #000000;\"><span style=\"font-family: Garamond, serif;\"><span style=\"font-size: small;\"><strong><span style=\"color: #ff0000;\">Bruxelles<\/span><\/strong><\/span><\/span><\/span><strong><span style=\"color: #ff0000;\"><span style=\"font-family: Garamond, serif;\"><span style=\"font-size: small;\">&nbsp;<\/span><\/span><\/span><\/strong><span style=\"color: #000000;\"><span style=\"font-family: Garamond, serif;\"><span style=\"font-size: small;\">et l&#8217;<strong><span style=\"color: #ff0000;\">Universit\u00e9 Libre de Bruxelles<\/span><\/strong>, Belgique.<\/span><\/span><\/span><\/h3>\n<h3><span style=\"color: #000000;\"><span style=\"font-family: Arial, sans-serif;\"><span style=\"font-size: large;\"><b><span style=\"color: #ff0000;\"><span style=\"font-family: Garamond, serif;\"><span style=\"font-size: small;\">2022<\/span><\/span><\/span><\/b><\/span><\/span><\/span><br \/>\n<span style=\"color: #000000;\"><span style=\"font-family: Garamond, serif;\"><span style=\"font-size: small;\">\/Exposition collective <\/span><\/span><\/span><span style=\"color: #000000;\"><span style=\"font-family: Garamond, serif;\"><span style=\"font-size: small;\"><i>Occupy#3 Networks <\/i><\/span><\/span><\/span><span style=\"color: #000000;\"><span style=\"font-family: Garamond, serif;\"><span style=\"font-size: small;\">au <\/span><\/span><\/span><strong><span style=\"color: #ff0000;\"><span style=\"font-family: Garamond, serif;\"><span style=\"font-size: small;\"><b>Consulat g\u00e9n\u00e9ral de France de New-York City, USA, <\/b><\/span><\/span><\/span><\/strong><strong><span style=\"color: #000000;\"><span style=\"font-family: Garamond, serif;\"><span style=\"font-size: small;\">curatoriat <span style=\"color: #ff0000;\">Fran\u00e7ois-Thibault Pencenat.<\/span><\/span><\/span><\/span><\/strong><span style=\"color: #000000;\"><span style=\"font-family: Garamond, serif;\"><span style=\"font-size: small;\">&nbsp;<\/span><\/span><\/span><strong><span style=\"color: #000000;\"><span style=\"font-family: Garamond, serif;\"><span style=\"font-size: small;\"><br \/>\n<\/span><\/span><\/span><\/strong><strong><span style=\"color: #000000;\"><span style=\"font-family: Garamond, serif;\"><span style=\"font-size: small;\">\/E<\/span><\/span><\/span><\/strong><span style=\"color: #000000;\"><span style=\"font-family: Arial, sans-serif;\"><span style=\"font-size: large;\"><span style=\"font-family: Garamond, serif;\"><span style=\"font-size: small;\">xposition collective <\/span><\/span><\/span><\/span><\/span><em><span style=\"color: #000000;\"><span style=\"font-family: Garamond, serif;\"><span style=\"font-size: small;\"><i>Petites coupures<\/i><\/span><\/span><\/span><\/em><span style=\"color: #000000;\"><span style=\"font-family: Arial, sans-serif;\"><span style=\"font-size: large;\"><span style=\"font-family: Garamond, serif;\"><span style=\"font-size: small;\"> \u00e0 <\/span><\/span><\/span><\/span><\/span><strong><span style=\"color: #ff0000;\"><span style=\"font-family: Garamond, serif;\"><span style=\"font-size: small;\"><b>La maison de l&#8217;Ours, Paris, FR<\/b><\/span><\/span><\/span><\/strong><span style=\"color: #000000;\"><span style=\"font-family: Arial, sans-serif;\"><span style=\"font-size: large;\"><span style=\"font-family: Garamond, serif;\"><span style=\"font-size: small;\"> sur une invitation de Kristina Solomoukha et Paolo Codeluppi.&nbsp;<\/span><\/span><\/span><\/span><\/span><\/h3>\n<h3 align=\"LEFT\"><span style=\"color: #000000;\"><span style=\"font-family: Arial, sans-serif;\"><span style=\"font-size: large;\"><b><span style=\"color: #ff0000;\"><span style=\"font-family: Garamond, serif;\"><span style=\"font-size: small;\">2021<br \/>\n<\/span><\/span><\/span><\/b><\/span><\/span><\/span><span style=\"color: #000000;\"><span style=\"font-family: Arial, sans-serif;\"><span style=\"font-size: large;\"><span style=\"font-family: Garamond, serif;\"><span style=\"font-size: small;\">\/Commence \u00e0 enseigner les arts visuels \u00e0 <\/span><\/span><\/span><\/span><\/span><span style=\"color: #000000;\"><span style=\"font-family: Arial, sans-serif;\"><span style=\"font-size: large;\"><b><span style=\"color: #ff0000;\"><span style=\"font-family: Garamond, serif;\"><span style=\"font-size: small;\">l\u2019\u00c9cole Sp\u00e9ciale d&#8217;Architecture, Paris, FR.<\/span><\/span><\/span><\/b><\/span><\/span><\/span><\/h3>\n<h3 align=\"LEFT\"><span style=\"color: #000000;\"><span style=\"font-family: Arial, sans-serif;\"><span style=\"font-size: large;\"><b><span style=\"color: #ff0000;\"><span style=\"font-family: Garamond, serif;\"><span style=\"font-size: small;\">2020<br \/>\n<\/span><\/span><\/span><\/b><\/span><\/span><\/span><span style=\"color: #000000;\"><span style=\"font-family: Arial, sans-serif;\"><span style=\"font-size: large;\"><span style=\"font-family: Garamond, serif;\"><span style=\"font-size: small;\">\/B\u00e9n\u00e9ficiaire de la bourse d&#8217;aide exceptionnelle du <\/span><\/span><\/span><\/span><\/span><span style=\"color: #000000;\"><span style=\"font-family: Arial, sans-serif;\"><span style=\"font-size: large;\"><b><span style=\"color: #ff0000;\"><span style=\"font-family: Garamond, serif;\"><span style=\"font-size: small;\">Centre National d&#8217;Art Plastique, FR<\/span><\/span><\/span><\/b><\/span><\/span><\/span><span style=\"color: #000000;\"><span style=\"font-family: Arial, sans-serif;\"><span style=\"font-size: large;\"><span style=\"font-family: Garamond, serif;\"><span style=\"font-size: small;\">.<br \/>\n<\/span><\/span><\/span><\/span><\/span><span style=\"font-size: small; font-family: Garamond, serif; color: #000000;\">\/Installe son atelier \u00e0 la Maladrerie, Aubervilliers, FR.<\/span><\/h3>\n<h3><span style=\"color: #ff0000;\"><span style=\"font-family: Garamond, serif;\"><span style=\"font-size: small;\"><b>2019<br \/>\n<\/b><\/span><\/span><\/span><span style=\"font-family: Garamond, serif;\"><span style=\"font-size: small;\">\/Exposition personnelle \u00e0 l&#8217;<\/span><\/span><span style=\"color: #ff0000;\"><span style=\"font-family: Garamond, serif;\"><span style=\"font-size: small;\"><b>Institut Fran\u00e7ais d&#8217;Autriche, Wien, AU<\/b><\/span><\/span><\/span><span style=\"font-family: Garamond, serif;\"><span style=\"font-size: small;\"> de la s\u00e9rie de photographies <\/span><\/span><span style=\"font-family: Garamond, serif;\"><span style=\"font-size: small;\"><i>Dattes et autres dettes<\/i><\/span><\/span><span style=\"font-family: Garamond, serif;\"><span style=\"font-size: small;\">, (d\u00e9cembre 2019- janvier 2020.)<br \/>\n<\/span><\/span><span style=\"font-family: Garamond, serif;\"><span style=\"font-size: small;\">\/Laur\u00e9ate de l&#8217;\u00e9change entre <\/span><\/span><span style=\"color: #ff0000;\"><span style=\"font-family: Garamond, serif;\"><span style=\"font-size: small;\"><b>la ville de Vienne<\/b><\/span><\/span><\/span> <span style=\"color: #000000;\"><span style=\"font-family: Garamond, serif;\"><span style=\"font-size: small;\">et <\/span><\/span><\/span><span style=\"color: #ff0000;\"><span style=\"font-family: Garamond, serif;\"><span style=\"font-size: small;\"><b>la ville de Paris<\/b><\/span><\/span><\/span><span style=\"font-family: Garamond, serif;\"><span style=\"font-size: small;\"> pour une r\u00e9sidence de deux mois \u00e0 <\/span><\/span><span style=\"color: #ff0000;\"><span style=\"font-family: Garamond, serif;\"><span style=\"font-size: small;\"><b>AlteSchmiede Kunstverein \u00e0 Wien, AU<\/b><\/span><\/span><\/span><span style=\"font-family: Garamond, serif;\"><span style=\"font-size: small;\">.<br \/>\n<\/span><\/span><span style=\"font-family: Garamond, serif;\"><span style=\"font-size: small;\">\/<\/span><\/span><span style=\"font-family: Garamond, serif;\"><span style=\"font-size: small;\">Pr\u00e9sentation de la performance <\/span><\/span><span style=\"font-family: Garamond, serif;\"><span style=\"font-size: small;\"><i>Mythologies de la Dette <\/i><\/span><\/span><span style=\"font-family: Garamond, serif;\"><span style=\"font-size: small;\">au <\/span><\/span><span style=\"color: #ff0000;\"><span style=\"font-family: Garamond, serif;\"><span style=\"font-size: small;\"><b>Silencio, Paris, FR<\/b><\/span><\/span><\/span><span style=\"font-family: Garamond, serif;\"><span style=\"font-size: small;\"> le 20 f\u00e9vrier.<\/span><\/span><\/h3>\n<h3><span style=\"color: #ff0000;\"><span style=\"font-family: Garamond, serif;\"><span style=\"font-size: small;\"><b>2018<\/b><\/span><\/span><\/span><b><br \/>\n<\/b><span style=\"font-family: Garamond, serif;\"><span style=\"font-size: small;\">\/Animation du workshop <\/span><\/span><span style=\"font-family: Garamond, serif;\"><span style=\"font-size: small;\"><i>Creative Commons<\/i><\/span><\/span><span style=\"font-family: Garamond, serif;\"><span style=\"font-size: small;\"> \u00e0 <\/span><\/span><span style=\"color: #ff0000;\"><span style=\"font-family: Garamond, serif;\"><span style=\"font-size: small;\"><b>l\u2019\u00c9cole Nationale Sup\u00e9rieure d&#8217;Art et de Design de Nancy, FR<\/b><\/span><\/span><\/span><span style=\"font-family: Garamond, serif;\"><span style=\"font-size: small;\"> sur une invitation d<\/span><\/span><span style=\"color: #000000;\"><span style=\"font-family: Garamond, serif;\"><span style=\"font-size: small;\">e <\/span><\/span><\/span><span style=\"color: #ff0000;\"><span style=\"font-family: Garamond, serif;\"><span style=\"font-size: small;\"><b>Nina Childress<\/b><\/span><\/span><\/span><span style=\"color: #000000;\"><span style=\"font-family: Garamond, serif;\"><span style=\"font-size: small;\">.<br \/>\n<\/span><\/span><\/span><span style=\"font-family: Garamond, serif;\"><span style=\"font-size: small;\">\/Pr\u00e9sentation de la performance <\/span><\/span><span style=\"font-family: Garamond, serif;\"><span style=\"font-size: small;\"><i>Mythologies de la Dette <\/i><\/span><\/span><span style=\"font-family: Garamond, serif;\"><span style=\"font-size: small;\">au <\/span><\/span><span style=\"color: #ff0000;\"><span style=\"font-family: Garamond, serif;\"><span style=\"font-size: small;\"><b>Th\u00e9\u00e2tre National de Bretagne, Rennes, FR<\/b><\/span><\/span><\/span> <span style=\"color: #000000;\"><span style=\"font-family: Garamond, serif;\"><span style=\"font-size: small;\">sur une invitation de <\/span><\/span><\/span><span style=\"color: #ff0000;\"><span style=\"font-family: Garamond, serif;\"><span style=\"font-size: small;\"><b>Patrick Boucheron<\/b><\/span><\/span><\/span><span style=\"color: #ff0000;\"><span style=\"font-family: Garamond, serif;\"><span style=\"font-size: small;\">.<br \/>\n<\/span><\/span><\/span><span style=\"font-family: Garamond, serif;\"><span style=\"font-size: small;\">\/Projection \u00e0 <\/span><\/span><span style=\"font-family: Garamond, serif;\"><span style=\"font-size: small;\"><i>PUBLIC POOL #5<\/i><\/span><\/span><span style=\"font-family: Garamond, serif;\"><span style=\"font-size: small;\"> \u00e0 la <\/span><\/span><span style=\"color: #ff0000;\"><span style=\"font-family: Garamond, serif;\"><span style=\"font-size: small;\"><b>Cit\u00e9 Internationale des Arts, Paris, FR <\/b><\/span><\/span><\/span><span style=\"color: #000000;\"><span style=\"font-family: Garamond, serif;\"><span style=\"font-size: small;\">de<\/span><\/span><\/span><span style=\"font-family: Garamond, serif;\"><span style=\"font-size: small;\"> la vid\u00e9o <\/span><\/span><span style=\"font-family: Garamond, serif;\"><span style=\"font-size: small;\"><i>Deaf and Dumb<\/i><\/span><\/span><span style=\"font-family: Garamond, serif;\"><span style=\"font-size: small;\"> sur une proposition <\/span><\/span><span style=\"font-family: Garamond, serif;\"><span style=\"font-size: small;\">d<\/span><\/span><span style=\"color: #000000;\"><span style=\"font-family: Garamond, serif;\"><span style=\"font-size: small;\">e <\/span><\/span><\/span><span style=\"color: #000000;\"><span style=\"font-family: Garamond, serif;\"><span style=\"font-size: small;\">Jean-Christophe Arcos, Madeleine Filippi, et Marie Gayet pour<\/span><\/span><\/span> <span style=\"color: #ff0000;\"><span style=\"font-family: Garamond, serif;\"><span style=\"font-size: small;\"><b>Commissaires d&#8217;Exposition Associ\u00e9s<\/b><\/span><\/span><\/span><span style=\"font-family: Garamond, serif;\"><span style=\"font-size: small;\"><i>.<\/i><\/span><\/span><\/h3>\n<h3><i><\/i><b><\/b><span style=\"color: #ff0000;\"><span style=\"font-family: Garamond, serif;\"><span style=\"font-size: small;\"><b>2017<\/b><\/span><\/span><\/span><b><br \/>\n<\/b><span style=\"font-family: Garamond, serif;\"><span style=\"font-size: small;\">\/Contribution sc\u00e9nographique \u00e0 <\/span><\/span><span style=\"font-family: Garamond, serif;\"><span style=\"font-size: small;\"><i>Histoires de la minute de silence <\/i><\/span><\/span><span style=\"font-family: Garamond, serif;\"><span style=\"font-size: small;\">propos\u00e9es par<\/span><\/span> <span style=\"color: #000000;\"><span style=\"font-family: Garamond, serif;\"><span style=\"font-size: small;\">Patrick Boucheron, Christophe Brault et M\u00e9lanie Traversier <\/span><\/span><\/span><span style=\"color: #000000;\"><span style=\"font-family: Garamond, serif;\"><span style=\"font-size: small;\">au <\/span><\/span><\/span><span style=\"color: #ff0000;\"><span style=\"font-family: Garamond, serif;\"><span style=\"font-size: small;\"><b>Th\u00e9\u00e2tre de la Colline, Paris, FR.<br \/>\n<\/b><\/span><\/span><\/span><span style=\"font-family: Garamond, serif;\"><span style=\"font-size: small;\">\/Diffusion sur la <\/span><\/span><span style=\"color: #ff0000;\"><span style=\"font-family: Garamond, serif;\"><span style=\"font-size: small;\"><b>radio web *DUUU<\/b><\/span><\/span><\/span><span style=\"font-family: Garamond, serif;\"><span style=\"font-size: small;\">,<\/span><\/span><span style=\"font-family: Garamond, serif;\"><span style=\"font-size: small;\"> de <\/span><\/span><span style=\"font-family: Garamond, serif;\"><span style=\"font-size: small;\"><i>Why dog&#8217;s can&#8217;t speak<\/i><\/span><\/span><span style=\"font-family: Garamond, serif;\"><span style=\"font-size: small;\"> et <\/span><\/span><span style=\"font-family: Garamond, serif;\"><span style=\"font-size: small;\"><i>Deaf and Dumb<\/i><\/span><\/span><span style=\"font-family: Garamond, serif;\"><span style=\"font-size: small;\">, sur une invitation de<\/span><\/span><span style=\"color: #000000;\"><span style=\"font-family: Garamond, serif;\"><span style=\"font-size: small;\"> Marianne Derrien.<\/span><\/span><\/span><\/h3>\n<h3><span style=\"color: #ff0000;\"><span style=\"font-family: Garamond, serif;\"><span style=\"font-size: small;\"><b>2016<br \/>\n<\/b><\/span><\/span><\/span><b> <\/b><span style=\"font-family: Garamond, serif;\"><span style=\"font-size: small;\">\/Participe au premier <\/span><\/span><span style=\"color: #ff0000;\"><span style=\"font-family: Garamond, serif;\"><span style=\"font-size: small;\"><b>Festival International de Bagnolet<\/b><strong>, <\/strong><\/span><\/span><strong><span style=\"font-family: Garamond, serif;\"><span style=\"font-size: small;\">FR <\/span><\/span><\/strong><\/span><span style=\"font-family: Garamond, serif;\"><span style=\"font-size: small;\">avec <\/span><\/span><span style=\"font-family: Garamond, serif;\"><span style=\"font-size: small;\"><i>Why dogs can\u2019t speak<\/i><\/span><\/span><span style=\"font-family: Garamond, serif;\"><span style=\"font-size: small;\"> sur une invitation de<\/span><\/span><b> <\/b><span style=\"color: #000000;\"><span style=\"font-family: Garamond, serif;\"><span style=\"font-size: small;\"><strong><span style=\"color: #ff0000;\">Kristina Solomoukha et Paolo Codeluppi<\/span><\/strong>.<\/span><\/span><\/span><\/h3>\n<h3><span style=\"color: #ff0000;\"><span style=\"font-family: Garamond, serif;\"><span style=\"font-size: small;\"><b>2015<\/b><\/span><\/span><\/span><b><br \/>\n<\/b><span style=\"color: #000000;\"><span style=\"font-family: Garamond, serif;\"><span style=\"font-size: small;\">\/Admise \u00e0 <\/span><\/span><\/span><span style=\"color: #ff0000;\"><span style=\"font-family: Garamond, serif;\"><span style=\"font-size: small;\"><b>De Appel, Amsterdam,<\/b><\/span><\/span><\/span> <span style=\"color: #ff0000;\"><span style=\"font-family: Garamond, serif;\"><span style=\"font-size: small;\"><b>NL<\/b><\/span><\/span><\/span><span style=\"color: #000000;\"><span style=\"font-family: Garamond, serif;\"><span style=\"font-size: small;\"> au programme galeriste.<\/span><\/span><\/span><span style=\"font-family: Garamond, serif;\"><span style=\"font-size: small;\"><br \/>\n\/Auto-\u00e9dition en ligne de <\/span><\/span><span style=\"font-family: Garamond, serif;\"><span style=\"font-size: small;\"><i>Trust Issues <\/i><\/span><\/span><span style=\"font-family: Garamond, serif;\"><span style=\"font-size: small;\">avec 7 artistes,<\/span><\/span><span style=\"color: #000000;\"><span style=\"font-family: Garamond, serif;\"><span style=\"font-size: small;\"> Ya\u00efr Barelli, Nina Childress, Charlie Jeffery, Jean-Charles Massera, Laure Prouvost, Lili Reynaud-Dewar, Kristina Solomoukha and Paolo Codeluppi.&nbsp;<\/span><\/span><\/span><\/h3>\n<h3 lang=\"fr-FR\" align=\"LEFT\"><span style=\"color: #000000;\"><span style=\"font-family: Minion Pro;\"><span style=\"font-size: medium;\"><span style=\"color: #ff0000;\"><span style=\"font-family: Garamond, serif;\"><span style=\"font-size: small;\"><span lang=\"fr-FR\"><b>2012<br \/>\n<\/b><\/span><\/span><\/span><\/span><span style=\"font-family: Garamond, serif;\"><span style=\"font-size: small;\"><span lang=\"fr-FR\">\/ Re\u00e7oit une bourse<\/span><\/span><\/span><span style=\"color: #ff0000;\"><span style=\"font-family: Garamond, serif;\"><span style=\"font-size: small;\"><span lang=\"fr-FR\"><b> de l&#8217;Institut Culturel Italien de Marseille, FR<\/b><\/span><\/span><\/span><\/span> <span style=\"font-family: Garamond, serif;\"><span style=\"font-size: small;\"><span lang=\"fr-FR\">pour aller \u00e9tudier l&#8217;italien \u00e0 l<\/span><\/span><\/span><span style=\"color: #ff0000;\"><span style=\"font-family: Garamond, serif;\"><span style=\"font-size: small;\"><span lang=\"fr-FR\">&#8216;<\/span><\/span><\/span><\/span><span style=\"color: #ff0000;\"><span style=\"font-family: Garamond, serif;\"><span style=\"font-size: small;\"><span lang=\"fr-FR\"><b>Istituto Dante Alighieri, Roma, IT. <\/b><\/span><\/span><\/span><\/span><\/span><\/span><\/span><\/h3>\n<h3><span style=\"color: #ff0000;\"><span style=\"font-family: Garamond, serif;\"><span style=\"font-size: small;\"><b>2010<\/b><\/span><\/span><\/span><span style=\"color: #000000;\"><span style=\"font-family: Garamond, serif;\"><span style=\"font-size: small;\"><br \/>\n<\/span><\/span><\/span><span style=\"font-family: Garamond, serif;\"><span style=\"font-size: small;\">\/Dipl\u00f4m\u00e9e du DNSEP, dipl\u00f4me national d&#8217;arts plastique de <\/span><\/span><span style=\"color: #ff0000;\"><span style=\"font-family: Garamond, serif;\"><span style=\"font-size: small;\"><b>l\u2019\u00c9cole Europ\u00e9enne des Beaux Arts de Rennes, FR <\/b><\/span><\/span><\/span><span style=\"font-family: Garamond, serif;\"><span style=\"font-size: small;\">sous le tutorat de l&#8217;artiste<\/span><\/span><b> <\/b><span style=\"color: #ff0000;\"><span style=\"font-family: Garamond, serif;\"><span style=\"font-size: small;\"><b>Natacha Lesueur.<br \/>\n<\/b><\/span><\/span><\/span><span style=\"color: #000000;\"><span style=\"font-family: Garamond, serif;\"><span style=\"font-size: small;\">\/Participe \u00e0 l&#8217;exposition <\/span><\/span><\/span><span style=\"color: #000000;\"><span style=\"font-family: Garamond, serif;\"><span style=\"font-size: small;\"><i>Silent Disco<\/i><\/span><\/span><\/span><span style=\"color: #000000;\"><span style=\"font-family: Garamond, serif;\"><span style=\"font-size: small;\">, \u00e0 Rockin&#8217;bones, Rennes, FR sur une proposition de <\/span><\/span><\/span><span style=\"color: #ff0000;\"><span style=\"font-family: Garamond, serif;\"><span style=\"font-size: small;\"><b>Patricia Flemming.<\/b><\/span><\/span><\/span><b> <\/b><\/h3>\n<h3><span style=\"color: #ff0000;\"><span style=\"font-family: Garamond, serif;\"><span style=\"font-size: small;\"><b>2008<br \/>\n<\/b><\/span><\/span><\/span><span style=\"color: #000000;\"><span style=\"font-family: Garamond, serif;\"><span style=\"font-size: small;\">\/Participe \u00e0 l&#8217;exposition <em>S&amp;wich<\/em> avec Ian Baxter&amp; dans le cadre de la premi\u00e8re \u00e9dition des <\/span><\/span><\/span><span style=\"color: #ff0000;\"><span style=\"font-family: Garamond, serif;\"><span style=\"font-size: small;\"><b>Ateliers de Rennes, biennale d&#8217;art contemporain, Rennes, FR<\/b><\/span><\/span><\/span> <span style=\"color: #000000;\"><span style=\"font-family: Garamond, serif;\"><span style=\"font-size: small;\">sous la direction de Rapha\u00eble Jeune.<\/span><\/span><\/span><\/h3>\n","protected":false},"excerpt":{"rendered":"<p>&nbsp;Alexandra L\u00e9cuiller&nbsp; &nbsp; French, born in Bordeaux, FR in 1985. Lives and works between Paris and Brussels. 2025 \/Participates to the International Federation for Theatre Research annual conference in K\u00f6ln, DE with her paper Carnival, a dupe game with morality. \/ Participates to the conference program and group show Hors Cadres at the Academie Royale [&hellip;]<\/p>\n","protected":false},"author":1,"featured_media":0,"parent":0,"menu_order":0,"comment_status":"closed","ping_status":"closed","template":"","meta":{"ngg_post_thumbnail":0},"_links":{"self":[{"href":"https:\/\/alexlecuiller.com\/index.php\/wp-json\/wp\/v2\/pages\/47"}],"collection":[{"href":"https:\/\/alexlecuiller.com\/index.php\/wp-json\/wp\/v2\/pages"}],"about":[{"href":"https:\/\/alexlecuiller.com\/index.php\/wp-json\/wp\/v2\/types\/page"}],"author":[{"embeddable":true,"href":"https:\/\/alexlecuiller.com\/index.php\/wp-json\/wp\/v2\/users\/1"}],"replies":[{"embeddable":true,"href":"https:\/\/alexlecuiller.com\/index.php\/wp-json\/wp\/v2\/comments?post=47"}],"version-history":[{"count":96,"href":"https:\/\/alexlecuiller.com\/index.php\/wp-json\/wp\/v2\/pages\/47\/revisions"}],"predecessor-version":[{"id":842,"href":"https:\/\/alexlecuiller.com\/index.php\/wp-json\/wp\/v2\/pages\/47\/revisions\/842"}],"wp:attachment":[{"href":"https:\/\/alexlecuiller.com\/index.php\/wp-json\/wp\/v2\/media?parent=47"}],"curies":[{"name":"wp","href":"https:\/\/api.w.org\/{rel}","templated":true}]}}